{"id":29,"date":"2020-10-12T19:00:28","date_gmt":"2020-10-12T17:00:28","guid":{"rendered":"http:\/\/damas.biebeler.com\/?page_id=29"},"modified":"2025-12-13T12:33:10","modified_gmt":"2025-12-13T11:33:10","slug":"danke-fuer-ihre-zeit","status":"publish","type":"page","link":"https:\/\/damasalemanas.de\/esp\/","title":{"rendered":"Ayuda de y para Ecuador"},"content":{"rendered":"<p>Der Verein der \u201eDamas Alemanas\u201c \u2013 weniger \u201edeutsche Damen\u201c als vielmehr engagierte Frauen aus vielen L\u00e4ndern, die ihr enger Bezug zu Deutschland vereint \u2013 wurde 1978 in Quito gegr\u00fcndet. Unsere heute rund 50 Mitglieder setzen sich praktisch und in sehr pers\u00f6nlicher Weise f\u00fcr die \u00c4rmsten der Armen in Ecuador ein.<\/p>\n\n\n\n<p>Vor allem helfen wir Kindern und Frauen, Fl\u00fcchtlingen und Kranken. Wir unterst\u00fctzen M\u00e4dchen und Jungen aus einkommensschwachen Familien beim Schulbesuch, helfen einem jungen Venezolaner bei der Berufsausbildung oder finanzieren kleinen Patienten im staatlichen Kinderkrankenhaus einen Teil ihrer Chemotherapie. Wir freuen uns \u00fcber jedes&nbsp;<a href=\"https:\/\/damasalemanas.de\/esp\/helfen\/\" class=\"\">neue Mitglied oder jede Spende<\/a>, die unsere Arbeit unterst\u00fctzt.&nbsp;<a href=\"https:\/\/damasalemanas.de\/esp\/neuigkeiten-und-informationen\/\" class=\"\">Informieren Sie sich<\/a>&nbsp;auf dieser Website oder&nbsp;<a href=\"https:\/\/damasalemanas.de\/esp\/kontakt\/\" class=\"\">kontaktieren Sie uns<\/a>.<\/p>\n\n\n\n<h2 class=\"wp-block-heading\">Las \u00faltimas informaciones<\/h2>\n\n\n\n<div class=\"pt-cv-wrapper\"><div class=\"pt-cv-view pt-cv-grid pt-cv-colsys\" id=\"pt-cv-view-e86c840t3j\"><div data-id=\"pt-cv-page-1\" class=\"pt-cv-page\" data-cvc=\"3\"><div class=\"col-md-4 col-sm-6 col-xs-12 pt-cv-content-item pt-cv-1-col\" ><div class='pt-cv-ifield'><a href=\"https:\/\/damasalemanas.de\/esp\/ein-sicherer-ort-fuer-kinder-am-mercado-san-roque-erfolgreicher-abschluss-unseres-projektes-mit-cenit-und-bosch-cents-for-help-e-v\/\" class=\"_self pt-cv-href-thumbnail pt-cv-thumb-default\" target=\"_self\" ><img loading=\"lazy\" decoding=\"async\" width=\"300\" height=\"169\" src=\"https:\/\/damasalemanas.de\/wp-content\/uploads\/2025\/12\/Spielen-13-300x169.jpg\" class=\"pt-cv-thumbnail\" alt=\"\" srcset=\"https:\/\/damasalemanas.de\/wp-content\/uploads\/2025\/12\/Spielen-13-300x169.jpg 300w, https:\/\/damasalemanas.de\/wp-content\/uploads\/2025\/12\/Spielen-13-1024x576.jpg 1024w, https:\/\/damasalemanas.de\/wp-content\/uploads\/2025\/12\/Spielen-13-768x432.jpg 768w, https:\/\/damasalemanas.de\/wp-content\/uploads\/2025\/12\/Spielen-13-18x10.jpg 18w, https:\/\/damasalemanas.de\/wp-content\/uploads\/2025\/12\/Spielen-13-1200x675.jpg 1200w, https:\/\/damasalemanas.de\/wp-content\/uploads\/2025\/12\/Spielen-13.jpg 1280w\" sizes=\"auto, (max-width: 300px) 100vw, 300px\" \/><\/a>\n<h4 class=\"pt-cv-title\"><a href=\"https:\/\/damasalemanas.de\/esp\/ein-sicherer-ort-fuer-kinder-am-mercado-san-roque-erfolgreicher-abschluss-unseres-projektes-mit-cenit-und-bosch-cents-for-help-e-v\/\" class=\"_self\" target=\"_self\" >Ein sicherer Ort f\u00fcr Kinder am Mercado San Roque \u2013 Erfolgreicher Abschluss unseres Projektes mit CENIT und BOSCH CENTS FOR HELP e.V.<\/a><\/h4>\n<div class=\"pt-cv-content\">Mit gro\u00dfer Freude berichten wir \u00fcber den erfolgreichen Abschluss unseres Projekts in Zusammenarbeit mit der christlichen Hilfsorganisation CENIT am Mercado ...<br \/><div class=\"pt-cv-rmwrap\"><a href=\"https:\/\/damasalemanas.de\/esp\/ein-sicherer-ort-fuer-kinder-am-mercado-san-roque-erfolgreicher-abschluss-unseres-projektes-mit-cenit-und-bosch-cents-for-help-e-v\/\" class=\"_self pt-cv-readmore btn btn-success\" target=\"_self\">Leer m\u00e1s<\/a><\/div><\/div><\/div><\/div>\n<div class=\"col-md-4 col-sm-6 col-xs-12 pt-cv-content-item pt-cv-1-col\" ><div class='pt-cv-ifield'><a href=\"https:\/\/damasalemanas.de\/esp\/kulinarischer-kulturaustausch-gemeinsames-kochen-mit-deutschen-und-ecuadorianischen-schuelern\/\" class=\"_self pt-cv-href-thumbnail pt-cv-thumb-default\" target=\"_self\" ><img loading=\"lazy\" decoding=\"async\" width=\"300\" height=\"169\" src=\"https:\/\/damasalemanas.de\/wp-content\/uploads\/2025\/12\/Kochen-4-300x169.jpg\" class=\"pt-cv-thumbnail\" alt=\"\" srcset=\"https:\/\/damasalemanas.de\/wp-content\/uploads\/2025\/12\/Kochen-4-300x169.jpg 300w, https:\/\/damasalemanas.de\/wp-content\/uploads\/2025\/12\/Kochen-4-1024x576.jpg 1024w, https:\/\/damasalemanas.de\/wp-content\/uploads\/2025\/12\/Kochen-4-768x432.jpg 768w, https:\/\/damasalemanas.de\/wp-content\/uploads\/2025\/12\/Kochen-4-18x10.jpg 18w, https:\/\/damasalemanas.de\/wp-content\/uploads\/2025\/12\/Kochen-4-1200x675.jpg 1200w, https:\/\/damasalemanas.de\/wp-content\/uploads\/2025\/12\/Kochen-4.jpg 1280w\" sizes=\"auto, (max-width: 300px) 100vw, 300px\" \/><\/a>\n<h4 class=\"pt-cv-title\"><a href=\"https:\/\/damasalemanas.de\/esp\/kulinarischer-kulturaustausch-gemeinsames-kochen-mit-deutschen-und-ecuadorianischen-schuelern\/\" class=\"_self\" target=\"_self\" >Kulinarischer Kulturaustausch: Gemeinsames Kochen mit deutschen und ecuadorianischen Sch\u00fclern<\/a><\/h4>\n<div class=\"pt-cv-content\">Ende Oktober durften zwei Damas einen ganz besonderen Tag an der Fiskalschule 3 de Diciembre erleben. Gemeinsam mit zehn Austauschsch\u00fclerinnen ...<br \/><div class=\"pt-cv-rmwrap\"><a href=\"https:\/\/damasalemanas.de\/esp\/kulinarischer-kulturaustausch-gemeinsames-kochen-mit-deutschen-und-ecuadorianischen-schuelern\/\" class=\"_self pt-cv-readmore btn btn-success\" target=\"_self\">Leer m\u00e1s<\/a><\/div><\/div><\/div><\/div>\n<div class=\"col-md-4 col-sm-6 col-xs-12 pt-cv-content-item pt-cv-1-col\" ><div class='pt-cv-ifield'><a href=\"https:\/\/damasalemanas.de\/esp\/neues-sozialprojekt-in-san-roque-finanzierung-durch-die-damas-alemanas-mit-hilfe-des-deutschen-spendenprogramms-cents-for-help-e-v\/\" class=\"_self pt-cv-href-thumbnail pt-cv-thumb-default\" target=\"_self\" ><img loading=\"lazy\" decoding=\"async\" width=\"300\" height=\"167\" src=\"https:\/\/damasalemanas.de\/wp-content\/uploads\/2025\/07\/photo_5113956223375486706_y-800x445-1-300x167.jpg\" class=\"pt-cv-thumbnail\" alt=\"\" srcset=\"https:\/\/damasalemanas.de\/wp-content\/uploads\/2025\/07\/photo_5113956223375486706_y-800x445-1-300x167.jpg 300w, https:\/\/damasalemanas.de\/wp-content\/uploads\/2025\/07\/photo_5113956223375486706_y-800x445-1-768x427.jpg 768w, https:\/\/damasalemanas.de\/wp-content\/uploads\/2025\/07\/photo_5113956223375486706_y-800x445-1-18x10.jpg 18w, https:\/\/damasalemanas.de\/wp-content\/uploads\/2025\/07\/photo_5113956223375486706_y-800x445-1.jpg 800w\" sizes=\"auto, (max-width: 300px) 100vw, 300px\" \/><\/a>\n<h4 class=\"pt-cv-title\"><a href=\"https:\/\/damasalemanas.de\/esp\/neues-sozialprojekt-in-san-roque-finanzierung-durch-die-damas-alemanas-mit-hilfe-des-deutschen-spendenprogramms-cents-for-help-e-v\/\" class=\"_self\" target=\"_self\" >Neues Sozialprojekt in San Roque: Finanzierung durch die Damas Alemanas mit Hilfe des deutschen Spendenprogramms Cents for help e.V.<\/a><\/h4>\n<div class=\"pt-cv-content\">Dieses neue Projekt wurde von den Damas Alemanas initiiert, die die Initiative mit Unterst\u00fctzung des deutschen Spendenprogramms Cents for Help ...<br \/><div class=\"pt-cv-rmwrap\"><a href=\"https:\/\/damasalemanas.de\/esp\/neues-sozialprojekt-in-san-roque-finanzierung-durch-die-damas-alemanas-mit-hilfe-des-deutschen-spendenprogramms-cents-for-help-e-v\/\" class=\"_self pt-cv-readmore btn btn-success\" target=\"_self\">Leer m\u00e1s<\/a><\/div><\/div><\/div><\/div>\n<div class=\"col-md-4 col-sm-6 col-xs-12 pt-cv-content-item pt-cv-1-col\" ><div class='pt-cv-ifield'><a href=\"https:\/\/damasalemanas.de\/esp\/staffelstab-uebergeben-aiko-bachmann-ist-neue-praesidentin-der-damas-alemanas\/\" class=\"_self pt-cv-href-thumbnail pt-cv-thumb-default\" target=\"_self\" ><img loading=\"lazy\" decoding=\"async\" width=\"300\" height=\"169\" src=\"https:\/\/damasalemanas.de\/wp-content\/uploads\/2025\/04\/Neuer-Vorstand-bei-den-Damas-Alemanas-Ecuador-Titelbild-300x169.jpeg\" class=\"pt-cv-thumbnail\" alt=\"Der neue Vorstand der Damas Alemanas (von links nach rechts): Aiko Bachmann, Susanne Scheuble, Martina Volkmann, Gabi Obermayer (c) Maria Jaimes\" srcset=\"https:\/\/damasalemanas.de\/wp-content\/uploads\/2025\/04\/Neuer-Vorstand-bei-den-Damas-Alemanas-Ecuador-Titelbild-300x169.jpeg 300w, https:\/\/damasalemanas.de\/wp-content\/uploads\/2025\/04\/Neuer-Vorstand-bei-den-Damas-Alemanas-Ecuador-Titelbild-1024x576.jpeg 1024w, https:\/\/damasalemanas.de\/wp-content\/uploads\/2025\/04\/Neuer-Vorstand-bei-den-Damas-Alemanas-Ecuador-Titelbild-768x432.jpeg 768w, https:\/\/damasalemanas.de\/wp-content\/uploads\/2025\/04\/Neuer-Vorstand-bei-den-Damas-Alemanas-Ecuador-Titelbild-1536x864.jpeg 1536w, https:\/\/damasalemanas.de\/wp-content\/uploads\/2025\/04\/Neuer-Vorstand-bei-den-Damas-Alemanas-Ecuador-Titelbild-18x10.jpeg 18w, https:\/\/damasalemanas.de\/wp-content\/uploads\/2025\/04\/Neuer-Vorstand-bei-den-Damas-Alemanas-Ecuador-Titelbild-1200x675.jpeg 1200w, https:\/\/damasalemanas.de\/wp-content\/uploads\/2025\/04\/Neuer-Vorstand-bei-den-Damas-Alemanas-Ecuador-Titelbild.jpeg 1920w\" sizes=\"auto, (max-width: 300px) 100vw, 300px\" \/><\/a>\n<h4 class=\"pt-cv-title\"><a href=\"https:\/\/damasalemanas.de\/esp\/staffelstab-uebergeben-aiko-bachmann-ist-neue-praesidentin-der-damas-alemanas\/\" class=\"_self\" target=\"_self\" >Staffelstab \u00fcbergeben: Aiko Bachmann ist neue Pr\u00e4sidentin der Damas Alemanas<\/a><\/h4>\n<div class=\"pt-cv-content\">Am 26. M\u00e4rz haben die\u00a0Damas Alemanas\u00a0in Quito einen neuen Vorstand gew\u00e4hlt: Aiko Bachmann (Pr\u00e4sidentin), Gabi Obermayer (Vize), Martina Volkmann (Schriftf\u00fchrerin) ...<br \/><div class=\"pt-cv-rmwrap\"><a href=\"https:\/\/damasalemanas.de\/esp\/staffelstab-uebergeben-aiko-bachmann-ist-neue-praesidentin-der-damas-alemanas\/\" class=\"_self pt-cv-readmore btn btn-success\" target=\"_self\">Leer m\u00e1s<\/a><\/div><\/div><\/div><\/div>\n<div class=\"col-md-4 col-sm-6 col-xs-12 pt-cv-content-item pt-cv-1-col\" ><div class='pt-cv-ifield'><a href=\"https:\/\/damasalemanas.de\/esp\/schueler-der-carl-theodor-schule-in-schwetzingen-in-ecuador\/\" class=\"_self pt-cv-href-thumbnail pt-cv-thumb-default\" target=\"_self\" ><img loading=\"lazy\" decoding=\"async\" width=\"300\" height=\"169\" src=\"https:\/\/damasalemanas.de\/wp-content\/uploads\/2025\/03\/Intiyachay-Besuch-Carl-Theodor-c-Carina-Butz-Titelbild-300x169.jpg\" class=\"pt-cv-thumbnail\" alt=\"Gemeinsam Lachen schafft Verbindung - Sch\u00fcler der Carl-Theodor-Schule aus Schwetzingen zu Besuch in Intiyachay. Foto \u00a9 Carina Hundt\" srcset=\"https:\/\/damasalemanas.de\/wp-content\/uploads\/2025\/03\/Intiyachay-Besuch-Carl-Theodor-c-Carina-Butz-Titelbild-300x169.jpg 300w, https:\/\/damasalemanas.de\/wp-content\/uploads\/2025\/03\/Intiyachay-Besuch-Carl-Theodor-c-Carina-Butz-Titelbild-1024x576.jpg 1024w, https:\/\/damasalemanas.de\/wp-content\/uploads\/2025\/03\/Intiyachay-Besuch-Carl-Theodor-c-Carina-Butz-Titelbild-768x432.jpg 768w, https:\/\/damasalemanas.de\/wp-content\/uploads\/2025\/03\/Intiyachay-Besuch-Carl-Theodor-c-Carina-Butz-Titelbild-1536x864.jpg 1536w, https:\/\/damasalemanas.de\/wp-content\/uploads\/2025\/03\/Intiyachay-Besuch-Carl-Theodor-c-Carina-Butz-Titelbild-18x10.jpg 18w, https:\/\/damasalemanas.de\/wp-content\/uploads\/2025\/03\/Intiyachay-Besuch-Carl-Theodor-c-Carina-Butz-Titelbild-1200x675.jpg 1200w, https:\/\/damasalemanas.de\/wp-content\/uploads\/2025\/03\/Intiyachay-Besuch-Carl-Theodor-c-Carina-Butz-Titelbild.jpg 1920w\" sizes=\"auto, (max-width: 300px) 100vw, 300px\" \/><\/a>\n<h4 class=\"pt-cv-title\"><a href=\"https:\/\/damasalemanas.de\/esp\/schueler-der-carl-theodor-schule-in-schwetzingen-in-ecuador\/\" class=\"_self\" target=\"_self\" >Wir schaffen Bildung &#8211; gemeinsam und jeden Tag<\/a><\/h4>\n<div class=\"pt-cv-content\">Mit einem Spendenlauf im fr\u00e4nkischen Wilburgstetten begann es. Und mit zwei besonders engagierten Frauen. Sabine Hettler, die Vorsitzende des\u00a0deutschen Schwestervereins ...<br \/><div class=\"pt-cv-rmwrap\"><a href=\"https:\/\/damasalemanas.de\/esp\/schueler-der-carl-theodor-schule-in-schwetzingen-in-ecuador\/\" class=\"_self pt-cv-readmore btn btn-success\" target=\"_self\">Leer m\u00e1s<\/a><\/div><\/div><\/div><\/div>\n<div class=\"col-md-4 col-sm-6 col-xs-12 pt-cv-content-item pt-cv-1-col\" ><div class='pt-cv-ifield'><a href=\"https:\/\/damasalemanas.de\/esp\/einladung-zum-pba-benefizkonzert-am-26-juni-2024-um-19-00-uhr\/\" class=\"_self pt-cv-href-thumbnail pt-cv-thumb-default\" target=\"_self\" ><img loading=\"lazy\" decoding=\"async\" width=\"300\" height=\"168\" src=\"https:\/\/damasalemanas.de\/wp-content\/uploads\/2024\/06\/Titelbild-Konzert-300x168.jpg\" class=\"pt-cv-thumbnail\" alt=\"Concierto Ben\u00e9fico\" srcset=\"https:\/\/damasalemanas.de\/wp-content\/uploads\/2024\/06\/Titelbild-Konzert-300x168.jpg 300w, https:\/\/damasalemanas.de\/wp-content\/uploads\/2024\/06\/Titelbild-Konzert-1024x573.jpg 1024w, https:\/\/damasalemanas.de\/wp-content\/uploads\/2024\/06\/Titelbild-Konzert-768x430.jpg 768w, https:\/\/damasalemanas.de\/wp-content\/uploads\/2024\/06\/Titelbild-Konzert-18x10.jpg 18w, https:\/\/damasalemanas.de\/wp-content\/uploads\/2024\/06\/Titelbild-Konzert.jpg 1200w\" sizes=\"auto, (max-width: 300px) 100vw, 300px\" \/><\/a>\n<h4 class=\"pt-cv-title\"><a href=\"https:\/\/damasalemanas.de\/esp\/einladung-zum-pba-benefizkonzert-am-26-juni-2024-um-19-00-uhr\/\" class=\"_self\" target=\"_self\" >Einladung zum PBA-Benefizkonzert am 26. Juni 2024 um 19.00 Uhr<\/a><\/h4>\n<div class=\"pt-cv-content\">Wir laden alle musikbegeisterten Menschen ein, zum Konzert zu kommen und selbst in Augenschein zu nehmen, was f\u00fcr begabte kleine ...<br \/><div class=\"pt-cv-rmwrap\"><a href=\"https:\/\/damasalemanas.de\/esp\/einladung-zum-pba-benefizkonzert-am-26-juni-2024-um-19-00-uhr\/\" class=\"_self pt-cv-readmore btn btn-success\" target=\"_self\">Leer m\u00e1s<\/a><\/div><\/div><\/div><\/div><\/div><\/div><\/div>\n\n\n\n<hr class=\"wp-block-separator has-alpha-channel-opacity\"\/>\n\n\n\n<h2 class=\"wp-block-heading\">Lo que aporta su donaci\u00f3n<\/h2>\n\n\n\n<ul class=\"wp-block-list\">\n<li><strong>1 \u20ac<\/strong> bringt einem Kind eine reichhaltige, ausgewogene warme Mahlzeit (<a href=\"\/esp\/taeglich-ein-warmes-essen\/\" target=\"_blank\" rel=\"noreferrer noopener\">Beispiel<\/a>).<\/li>\n\n\n\n<li><strong>4 \u20ac<\/strong> monatlich finanzieren die (staatlich vorgeschriebene) Schuluniform eines Schulkindes (<a href=\"\/esp\/schulkleidung-schule-ecuador\/\" target=\"_blank\" rel=\"noreferrer noopener\">Beispiel<\/a>).<\/li>\n\n\n\n<li><strong>5 \u20ac<\/strong> reichen, um ein Kind mit dem monatlich notwendigen Schulmaterial zu versorgen (<a href=\"\/esp\/worauf-schreiben-im-neuen-schuljahr\/\" target=\"_blank\" rel=\"noreferrer noopener\">Beispiel<\/a>).<\/li>\n\n\n\n<li><strong>10 \u20ac<\/strong> kostet die Reise eines kranken Kindes von der K\u00fcste Ecuadors ins Krankenhaus nach Quito (<a href=\"\/esp\/ein-normales-leben-fuer-die-kleine-amelia\/\">Beispiel<\/a>).<\/li>\n\n\n\n<li><strong>12 \u20ac<\/strong> kostet eine Dosis Chemotherapie f\u00fcr ein krebskrankes Kind (<a href=\"\/esp\/chemotherapie-fuer-einen-monat\/\">Beispiel<\/a>).<\/li>\n\n\n\n<li><strong>35 \u20ac<\/strong> erm\u00f6glichen einem behinderten Kind den Zugang zu einer Schule mit spezieller Betreuung (<a href=\"\/esp\/unsere-neuen-patenkinder-an-der-schule-juan-enrique-pestalozzi-in-otavalo\/\">Beispiel<\/a>).<\/li>\n<\/ul>\n\n\n\n<div class=\"wp-block-buttons is-horizontal is-content-justification-center is-layout-flex wp-container-core-buttons-is-layout-499968f5 wp-block-buttons-is-layout-flex\">\n<div class=\"wp-block-button is-style-fill\"><a class=\"wp-block-button__link has-primary-color has-text-color has-background wp-element-button\" href=\"https:\/\/damasalemanas.de\/esp\/helfen\/\" style=\"background-color:#d1ffa8\">Schon 1 \u20ac hilft: Jetzt Spenden<\/a><\/div>\n<\/div>\n\n\n\n<hr class=\"wp-block-separator has-alpha-channel-opacity\"\/>\n\n\n\n<h2 class=\"wp-block-heading\">Spendenaufruf vom Oktober 2023<\/h2>\n\n\n\n<div data-wp-interactive=\"core\/file\" class=\"wp-block-file\"><object data-wp-bind--hidden=\"!state.hasPdfPreview\" hidden class=\"wp-block-file__embed\" data=\"https:\/\/damasalemanas.de\/wp-content\/uploads\/2023\/10\/Spendenaufruf2023_10.pdf\" type=\"application\/pdf\" style=\"width:100%;height:600px\" aria-label=\"PDF incrustado\"><\/object><a href=\"https:\/\/damasalemanas.de\/wp-content\/uploads\/2023\/10\/Spendenaufruf2023_10.pdf\" class=\"wp-block-file__button wp-element-button\" download>Herunterladen<\/a><\/div>\n\n\n\n<h3 class=\"wp-block-heading\"><strong><strong><strong><strong>Wir brauchen Ihre Spenden<\/strong><\/strong><\/strong><\/strong><\/h3>\n\n\n\n<p>F\u00fcr Ihre zahlreichen Projekte brauchen die Damas Alemanas Unterst\u00fctzung! Damit wir auch weiterhin aktiv und pers\u00f6nlich helfen k\u00f6nnen, wo Kinder Hilfe beim Schulbesuch oder f\u00fcr eine medizinische Behandlung ben\u00f6tigen, sind wir auf Ihre Spenden angewiesen. Bitte helfen Sie uns, jeder Beitrag ist willkommen und wird direkt und zielgerichtet eingesetzt!<\/p>\n\n\n\n<p>Bitte unterst\u00fctzen Sie uns mit Ihrer Spende auf folgendes Konto:<\/p>\n\n\n\n<p class=\"has-text-align-center\"><strong>Damas Alemanas Ecuador Deutschland e.V.<\/strong><br><strong>VR-Bank Dinkelsb\u00fchl<br>BIC: GENODEF1DKV<br>IBAN: DE18 7659 1000 0008 9163 73<\/strong><\/p>\n\n\n\n<figure class=\"wp-block-table\"><table class=\"has-fixed-layout\"><tbody><tr><td>Aiko Bachmann<br>Vorsitzende Damas Alemanas Ecuador<\/td><td>Sabine Hettler<br>Vorsitzende Damas Alemanas Deutschland<\/td><\/tr><\/tbody><\/table><\/figure>\n\n\n\n<p><\/p>","protected":false},"excerpt":{"rendered":"<p>Der Verein der \u201eDamas Alemanas\u201c \u2013 weniger \u201edeutsche Damen\u201c als vielmehr engagierte Frauen aus vielen L\u00e4ndern, die ihr enger Bezug zu Deutschland vereint \u2013 wurde 1978 in Quito gegr\u00fcndet. Unsere heute rund 50 Mitglieder setzen sich praktisch und in sehr pers\u00f6nlicher Weise f\u00fcr die \u00c4rmsten der Armen in Ecuador ein. Vor allem helfen wir Kindern [&hellip;]<\/p>","protected":false},"author":1,"featured_media":920,"parent":0,"menu_order":0,"comment_status":"closed","ping_status":"closed","template":"templates\/template-cover.php","meta":{"footnotes":""},"class_list":["post-29","page","type-page","status-publish","has-post-thumbnail","hentry"],"yoast_head":"<!-- This site is optimized with the Yoast SEO plugin v27.5 - https:\/\/yoast.com\/product\/yoast-seo-wordpress\/ -->\n<title>Hilfe aus und f\u00fcr Ecuador \u2013 Lernen Sie die Damas Alemanas kennen<\/title>\n<meta name=\"description\" content=\"Lernen Sie die Damas Alemanas aus Ecuador kennen. Wir stellen hier unsere Projekte f\u00fcr die Armsten der \u00c4rmsten vor.\" \/>\n<meta name=\"robots\" content=\"index, follow, max-snippet:-1, max-image-preview:large, max-video-preview:-1\" \/>\n<link rel=\"canonical\" href=\"https:\/\/damasalemanas.de\/esp\/\" \/>\n<meta property=\"og:locale\" content=\"es_ES\" \/>\n<meta property=\"og:type\" content=\"article\" \/>\n<meta property=\"og:title\" content=\"Hilfe aus und f\u00fcr Ecuador \u2013 Lernen Sie die Damas Alemanas kennen\" \/>\n<meta property=\"og:description\" content=\"Lernen Sie die Damas Alemanas aus Ecuador kennen. Wir stellen hier unsere Projekte f\u00fcr die Armsten der \u00c4rmsten vor.\" \/>\n<meta property=\"og:url\" content=\"https:\/\/damasalemanas.de\/esp\/\" \/>\n<meta property=\"og:site_name\" content=\"Damas Alemanas Ecuador\" \/>\n<meta property=\"article:modified_time\" content=\"2025-12-13T11:33:10+00:00\" \/>\n<meta property=\"og:image\" content=\"https:\/\/damasalemanas.de\/wp-content\/uploads\/2025\/04\/2025-04-Titelbild-Website_2.jpeg\" \/>\n\t<meta property=\"og:image:width\" content=\"1920\" \/>\n\t<meta property=\"og:image:height\" content=\"1080\" \/>\n\t<meta property=\"og:image:type\" content=\"image\/jpeg\" \/>\n<meta name=\"twitter:card\" content=\"summary_large_image\" \/>\n<script type=\"application\/ld+json\" class=\"yoast-schema-graph\">{\"@context\":\"https:\\\/\\\/schema.org\",\"@graph\":[{\"@type\":\"WebPage\",\"@id\":\"https:\\\/\\\/damasalemanas.de\\\/\",\"url\":\"https:\\\/\\\/damasalemanas.de\\\/\",\"name\":\"Hilfe aus und f\u00fcr Ecuador \u2013 Lernen Sie die Damas Alemanas kennen\",\"isPartOf\":{\"@id\":\"https:\\\/\\\/damasalemanas.de\\\/#website\"},\"primaryImageOfPage\":{\"@id\":\"https:\\\/\\\/damasalemanas.de\\\/#primaryimage\"},\"image\":{\"@id\":\"https:\\\/\\\/damasalemanas.de\\\/#primaryimage\"},\"thumbnailUrl\":\"https:\\\/\\\/damasalemanas.de\\\/wp-content\\\/uploads\\\/2025\\\/04\\\/2025-04-Titelbild-Website_2.jpeg\",\"datePublished\":\"2020-10-12T17:00:28+00:00\",\"dateModified\":\"2025-12-13T11:33:10+00:00\",\"description\":\"Lernen Sie die Damas Alemanas aus Ecuador kennen. Wir stellen hier unsere Projekte f\u00fcr die Armsten der \u00c4rmsten vor.\",\"breadcrumb\":{\"@id\":\"https:\\\/\\\/damasalemanas.de\\\/#breadcrumb\"},\"inLanguage\":\"es\",\"potentialAction\":[{\"@type\":\"ReadAction\",\"target\":[\"https:\\\/\\\/damasalemanas.de\\\/\"]}]},{\"@type\":\"ImageObject\",\"inLanguage\":\"es\",\"@id\":\"https:\\\/\\\/damasalemanas.de\\\/#primaryimage\",\"url\":\"https:\\\/\\\/damasalemanas.de\\\/wp-content\\\/uploads\\\/2025\\\/04\\\/2025-04-Titelbild-Website_2.jpeg\",\"contentUrl\":\"https:\\\/\\\/damasalemanas.de\\\/wp-content\\\/uploads\\\/2025\\\/04\\\/2025-04-Titelbild-Website_2.jpeg\",\"width\":1920,\"height\":1080,\"caption\":\"Ohne Stifte keine Schule: \u00dcbergabe von Schulmaterial an unsere Stipendiaten in der Fundation Sembrar. Foto (c) Susanne Scheuble\"},{\"@type\":\"BreadcrumbList\",\"@id\":\"https:\\\/\\\/damasalemanas.de\\\/#breadcrumb\",\"itemListElement\":[{\"@type\":\"ListItem\",\"position\":1,\"name\":\"Startseite\",\"item\":\"https:\\\/\\\/damasalemanas.de\\\/\"},{\"@type\":\"ListItem\",\"position\":2,\"name\":\"Hilfe aus und f\u00fcr Ecuador\"}]},{\"@type\":\"WebSite\",\"@id\":\"https:\\\/\\\/damasalemanas.de\\\/#website\",\"url\":\"https:\\\/\\\/damasalemanas.de\\\/\",\"name\":\"Damas Alemanas Ecuador\",\"description\":\"\",\"publisher\":{\"@id\":\"https:\\\/\\\/damasalemanas.de\\\/#organization\"},\"potentialAction\":[{\"@type\":\"SearchAction\",\"target\":{\"@type\":\"EntryPoint\",\"urlTemplate\":\"https:\\\/\\\/damasalemanas.de\\\/?s={search_term_string}\"},\"query-input\":{\"@type\":\"PropertyValueSpecification\",\"valueRequired\":true,\"valueName\":\"search_term_string\"}}],\"inLanguage\":\"es\"},{\"@type\":\"Organization\",\"@id\":\"https:\\\/\\\/damasalemanas.de\\\/#organization\",\"name\":\"Damas Alemanas Ecuador\",\"url\":\"https:\\\/\\\/damasalemanas.de\\\/\",\"logo\":{\"@type\":\"ImageObject\",\"inLanguage\":\"es\",\"@id\":\"https:\\\/\\\/damasalemanas.de\\\/#\\\/schema\\\/logo\\\/image\\\/\",\"url\":\"https:\\\/\\\/damasalemanas.de\\\/wp-content\\\/uploads\\\/2020\\\/10\\\/cropped-Logo-Damas-Alemanas-1.png\",\"contentUrl\":\"https:\\\/\\\/damasalemanas.de\\\/wp-content\\\/uploads\\\/2020\\\/10\\\/cropped-Logo-Damas-Alemanas-1.png\",\"width\":487,\"height\":260,\"caption\":\"Damas Alemanas Ecuador\"},\"image\":{\"@id\":\"https:\\\/\\\/damasalemanas.de\\\/#\\\/schema\\\/logo\\\/image\\\/\"}}]}<\/script>\n<!-- \/ Yoast SEO plugin. -->","yoast_head_json":{"title":"Hilfe aus und f\u00fcr Ecuador \u2013 Lernen Sie die Damas Alemanas kennen","description":"Lernen Sie die Damas Alemanas aus Ecuador kennen. Wir stellen hier unsere Projekte f\u00fcr die Armsten der \u00c4rmsten vor.","robots":{"index":"index","follow":"follow","max-snippet":"max-snippet:-1","max-image-preview":"max-image-preview:large","max-video-preview":"max-video-preview:-1"},"canonical":"https:\/\/damasalemanas.de\/esp\/","og_locale":"es_ES","og_type":"article","og_title":"Hilfe aus und f\u00fcr Ecuador \u2013 Lernen Sie die Damas Alemanas kennen","og_description":"Lernen Sie die Damas Alemanas aus Ecuador kennen. Wir stellen hier unsere Projekte f\u00fcr die Armsten der \u00c4rmsten vor.","og_url":"https:\/\/damasalemanas.de\/esp\/","og_site_name":"Damas Alemanas Ecuador","article_modified_time":"2025-12-13T11:33:10+00:00","og_image":[{"width":1920,"height":1080,"url":"https:\/\/damasalemanas.de\/wp-content\/uploads\/2025\/04\/2025-04-Titelbild-Website_2.jpeg","type":"image\/jpeg"}],"twitter_card":"summary_large_image","schema":{"@context":"https:\/\/schema.org","@graph":[{"@type":"WebPage","@id":"https:\/\/damasalemanas.de\/","url":"https:\/\/damasalemanas.de\/","name":"Hilfe aus und f\u00fcr Ecuador \u2013 Lernen Sie die Damas Alemanas kennen","isPartOf":{"@id":"https:\/\/damasalemanas.de\/#website"},"primaryImageOfPage":{"@id":"https:\/\/damasalemanas.de\/#primaryimage"},"image":{"@id":"https:\/\/damasalemanas.de\/#primaryimage"},"thumbnailUrl":"https:\/\/damasalemanas.de\/wp-content\/uploads\/2025\/04\/2025-04-Titelbild-Website_2.jpeg","datePublished":"2020-10-12T17:00:28+00:00","dateModified":"2025-12-13T11:33:10+00:00","description":"Lernen Sie die Damas Alemanas aus Ecuador kennen. Wir stellen hier unsere Projekte f\u00fcr die Armsten der \u00c4rmsten vor.","breadcrumb":{"@id":"https:\/\/damasalemanas.de\/#breadcrumb"},"inLanguage":"es","potentialAction":[{"@type":"ReadAction","target":["https:\/\/damasalemanas.de\/"]}]},{"@type":"ImageObject","inLanguage":"es","@id":"https:\/\/damasalemanas.de\/#primaryimage","url":"https:\/\/damasalemanas.de\/wp-content\/uploads\/2025\/04\/2025-04-Titelbild-Website_2.jpeg","contentUrl":"https:\/\/damasalemanas.de\/wp-content\/uploads\/2025\/04\/2025-04-Titelbild-Website_2.jpeg","width":1920,"height":1080,"caption":"Ohne Stifte keine Schule: \u00dcbergabe von Schulmaterial an unsere Stipendiaten in der Fundation Sembrar. Foto (c) Susanne Scheuble"},{"@type":"BreadcrumbList","@id":"https:\/\/damasalemanas.de\/#breadcrumb","itemListElement":[{"@type":"ListItem","position":1,"name":"Startseite","item":"https:\/\/damasalemanas.de\/"},{"@type":"ListItem","position":2,"name":"Hilfe aus und f\u00fcr Ecuador"}]},{"@type":"WebSite","@id":"https:\/\/damasalemanas.de\/#website","url":"https:\/\/damasalemanas.de\/","name":"Damas Alemanas Ecuador","description":"","publisher":{"@id":"https:\/\/damasalemanas.de\/#organization"},"potentialAction":[{"@type":"SearchAction","target":{"@type":"EntryPoint","urlTemplate":"https:\/\/damasalemanas.de\/?s={search_term_string}"},"query-input":{"@type":"PropertyValueSpecification","valueRequired":true,"valueName":"search_term_string"}}],"inLanguage":"es"},{"@type":"Organization","@id":"https:\/\/damasalemanas.de\/#organization","name":"Damas Alemanas Ecuador","url":"https:\/\/damasalemanas.de\/","logo":{"@type":"ImageObject","inLanguage":"es","@id":"https:\/\/damasalemanas.de\/#\/schema\/logo\/image\/","url":"https:\/\/damasalemanas.de\/wp-content\/uploads\/2020\/10\/cropped-Logo-Damas-Alemanas-1.png","contentUrl":"https:\/\/damasalemanas.de\/wp-content\/uploads\/2020\/10\/cropped-Logo-Damas-Alemanas-1.png","width":487,"height":260,"caption":"Damas Alemanas Ecuador"},"image":{"@id":"https:\/\/damasalemanas.de\/#\/schema\/logo\/image\/"}}]}},"_links":{"self":[{"href":"https:\/\/damasalemanas.de\/esp\/wp-json\/wp\/v2\/pages\/29","targetHints":{"allow":["GET"]}}],"collection":[{"href":"https:\/\/damasalemanas.de\/esp\/wp-json\/wp\/v2\/pages"}],"about":[{"href":"https:\/\/damasalemanas.de\/esp\/wp-json\/wp\/v2\/types\/page"}],"author":[{"embeddable":true,"href":"https:\/\/damasalemanas.de\/esp\/wp-json\/wp\/v2\/users\/1"}],"replies":[{"embeddable":true,"href":"https:\/\/damasalemanas.de\/esp\/wp-json\/wp\/v2\/comments?post=29"}],"version-history":[{"count":44,"href":"https:\/\/damasalemanas.de\/esp\/wp-json\/wp\/v2\/pages\/29\/revisions"}],"predecessor-version":[{"id":930,"href":"https:\/\/damasalemanas.de\/esp\/wp-json\/wp\/v2\/pages\/29\/revisions\/930"}],"wp:featuredmedia":[{"embeddable":true,"href":"https:\/\/damasalemanas.de\/esp\/wp-json\/wp\/v2\/media\/920"}],"wp:attachment":[{"href":"https:\/\/damasalemanas.de\/esp\/wp-json\/wp\/v2\/media?parent=29"}],"curies":[{"name":"wp","href":"https:\/\/api.w.org\/{rel}","templated":true}]}}