{"id":123,"date":"2020-10-24T06:08:00","date_gmt":"2020-10-24T04:08:00","guid":{"rendered":"http:\/\/damas.biebeler.com\/?page_id=123"},"modified":"2023-10-22T06:59:46","modified_gmt":"2023-10-22T04:59:46","slug":"helfen","status":"publish","type":"page","link":"https:\/\/damasalemanas.de\/esp\/helfen\/","title":{"rendered":"Helfen"},"content":{"rendered":"<p>Wir finanzieren uns aus <strong>Veranstaltungen<\/strong> (z.B. Weihnachtsbasar und Osterbasar in Quito), aus unseren <strong>Mitgliedsbeitr\u00e4gen<\/strong> sowie aus <strong>Spenden<\/strong>. Leben Sie in Quito oder in Pichincha, freuen wir uns Sie als Mitglied bei uns begr\u00fc\u00dfen zu d\u00fcrfen. Sprechen Sie uns an unter damasalemanas(at)yahoo.com, damas-alemanas(at)gmx.de, unter +593 (0)99 851 6325, +49 (0)151 2347 0366 oder <a href=\"https:\/\/damasalemanas.de\/esp\/kontakt\/\">kontaktieren Sie uns<\/a>.<\/p>\n\n\n\n<hr class=\"wp-block-separator has-alpha-channel-opacity\"\/>\n\n\n\n<h2 class=\"wp-block-heading\">Spendenkonto<\/h2>\n\n\n\n<p>\u00dcber unseren deutschen Verein k\u00f6nnen wir Spenden empfangen. Er existiert seit 2015 und wird von einer Dama gef\u00fchrt, die lange Jahre in Ecuador lebte und wieder nach Deutschland zur\u00fcck kehrte. Das Spendenkonto lautet:<\/p>\n\n\n\n<div class=\"wp-block-columns is-layout-flex wp-container-core-columns-is-layout-9d6595d7 wp-block-columns-is-layout-flex\">\n<div class=\"wp-block-column is-layout-flow wp-block-column-is-layout-flow\">\n<p><strong>Damas Alemanas Ecuador Deutschland e.V.<\/strong><br><strong>IBAN<\/strong>: DE18 7659 1000 0008 9163 73<br><strong>BIC<\/strong>: GENODEF1DKV<br>VR-Bank Dinkelsb\u00fchl<\/p>\n<\/div>\n\n\n\n<div class=\"wp-block-column is-layout-flow wp-block-column-is-layout-flow\">\n<p><strong>Sociedad Ben\u00e9fica de Damas Alemanas<\/strong><br><strong>Cuenta corriente no<\/strong>: 164 500 7973<br><strong>RUC<\/strong>: 179 200 644 9001<br>Banco Bolivariano<\/p>\n<\/div>\n<\/div>\n\n\n\n<hr class=\"wp-block-separator has-alpha-channel-opacity is-style-default\"\/>\n\n\n\n<h2 class=\"wp-block-heading\">Was Ihre Spende bringt:<\/h2>\n\n\n\n<p><strong>1 \u20ac<\/strong> bringt einem Kind eine reichhaltige, ausgewogene warme Mahlzeit (<a href=\"\/esp\/taeglich-ein-warmes-essen\/\" target=\"_blank\" rel=\"noreferrer noopener\">Beispiel<\/a>).<br><strong>4 \u20ac<\/strong> monatlich finanzieren die (staatlich vorgeschriebene) Schuluniform eines Schulkindes (<a href=\"\/esp\/schulkleidung-schule-ecuador\/\" target=\"_blank\" rel=\"noreferrer noopener\">Beispiel<\/a>).<br><strong>5 \u20ac<\/strong> reichen, um ein Kind mit dem monatlich notwendigen Schulmaterial zu versorgen (<a href=\"\/esp\/worauf-schreiben-im-neuen-schuljahr\/\" target=\"_blank\" rel=\"noreferrer noopener\">Beispiel<\/a>).<br><strong>10 \u20ac<\/strong> kostet die Reise eines kranken Kindes von der K\u00fcste Ecuadors ins Krankenhaus nach Quito (<a href=\"\/esp\/ein-normales-leben-fuer-die-kleine-amelia\/\">Beispiel<\/a>).<br><strong>12 \u20ac<\/strong> kostet eine Dosis Chemotherapie f\u00fcr ein krebskrankes Kind (<a href=\"\/esp\/chemotherapie-fuer-einen-monat\/\">Beispiel<\/a>).<br><strong>35 \u20ac<\/strong> erm\u00f6glichen einem behinderten Kind den Zugang zu einer Schule mit spezieller Betreuung (<a href=\"\/esp\/unsere-neuen-patenkinder-an-der-schule-juan-enrique-pestalozzi-in-otavalo\/\">Beispiel<\/a>).<\/p>\n\n\n\n<div class=\"wp-block-buttons is-layout-flex wp-block-buttons-is-layout-flex\"><\/div>\n\n\n\n<hr class=\"wp-block-separator has-alpha-channel-opacity\"\/>\n\n\n\n<h2 class=\"wp-block-heading\">Unser aktueller Spendenaufruf<\/h2>\n\n\n\n<div data-wp-interactive=\"core\/file\" class=\"wp-block-file\"><object data-wp-bind--hidden=\"!state.hasPdfPreview\" hidden class=\"wp-block-file__embed\" data=\"https:\/\/damasalemanas.de\/wp-content\/uploads\/2023\/10\/Spendenaufruf2023_10.pdf\" type=\"application\/pdf\" style=\"width:100%;height:600px\" aria-label=\"PDF incrustado\"><\/object><a href=\"https:\/\/damasalemanas.de\/wp-content\/uploads\/2023\/10\/Spendenaufruf2023_10.pdf\" class=\"wp-block-file__button wp-element-button\" download>Herunterladen<\/a><\/div>\n\n\n\n<h2 class=\"wp-block-heading\">Fr\u00fchere Spendenaufrufe<\/h2>\n\n\n\n<figure class=\"wp-block-table\"><table class=\"has-fixed-layout\"><tbody><tr><td><a href=\"https:\/\/damasalemanas.de\/wp-content\/uploads\/2022\/12\/SpendenaufrufDezember2022.pdf\">Dezember 2022<\/a><\/td><td><a href=\"\/wp-content\/uploads\/2022\/04\/Spendenaufruf-April-2022.pdf\" target=\"_blank\" rel=\"noreferrer noopener\">April 2022<\/a><\/td><td><a href=\"\/wp-content\/uploads\/2021\/09\/Spendenaufruf-September-2021.pdf\" target=\"_blank\" rel=\"noreferrer noopener\">September 2021<\/a><\/td><\/tr><tr><td><a href=\"\/wp-content\/uploads\/2021\/05\/Spendenaufruf-Mai-2021.pdf\" target=\"_blank\" rel=\"noreferrer noopener\">Mai 2021<\/a><\/td><td><a href=\"\/wp-content\/uploads\/2021\/01\/Spendenaufruf-Januar-2021.pdf\" target=\"_blank\" rel=\"noreferrer noopener\">Januar 2021<\/a><\/td><td><a href=\"\/wp-content\/uploads\/2021\/01\/Spendenaufruf-November-2020.pdf\" target=\"_blank\" rel=\"noreferrer noopener\">November 2020<\/a><\/td><\/tr><\/tbody><\/table><\/figure>","protected":false},"excerpt":{"rendered":"<p>Wir finanzieren uns aus Veranstaltungen (z.B. Weihnachtsbasar und Osterbasar in Quito), aus unseren Mitgliedsbeitr\u00e4gen sowie aus Spenden. Leben Sie in Quito oder in Pichincha, freuen wir uns Sie als Mitglied bei uns begr\u00fc\u00dfen zu d\u00fcrfen. Sprechen Sie uns an unter damasalemanas(at)yahoo.com, damas-alemanas(at)gmx.de, unter +593 (0)99 851 6325, +49 (0)151 2347 0366 oder kontaktieren Sie uns. [&hellip;]<\/p>","protected":false},"author":1,"featured_media":469,"parent":0,"menu_order":0,"comment_status":"closed","ping_status":"closed","template":"","meta":{"footnotes":""},"class_list":["post-123","page","type-page","status-publish","has-post-thumbnail","hentry"],"yoast_head":"<!-- This site is optimized with the Yoast SEO plugin v27.5 - https:\/\/yoast.com\/product\/yoast-seo-wordpress\/ -->\n<title>So helfen Sie in Ecuador \u2013 Mitglied bei den Damas werden oder spenden<\/title>\n<meta name=\"description\" content=\"Wenn Sie in Ecuador helfen m\u00f6chten, werden Sie Mitglied bei den Damas Alemanas oder spenden Sie f\u00fcr unsere Projekte.\" \/>\n<meta name=\"robots\" content=\"index, follow, max-snippet:-1, max-image-preview:large, max-video-preview:-1\" \/>\n<link rel=\"canonical\" href=\"https:\/\/damasalemanas.de\/esp\/helfen\/\" \/>\n<meta property=\"og:locale\" content=\"es_ES\" \/>\n<meta property=\"og:type\" content=\"article\" \/>\n<meta property=\"og:title\" content=\"So helfen Sie in Ecuador \u2013 Mitglied bei den Damas werden oder spenden\" \/>\n<meta property=\"og:description\" content=\"Wenn Sie in Ecuador helfen m\u00f6chten, werden Sie Mitglied bei den Damas Alemanas oder spenden Sie f\u00fcr unsere Projekte.\" \/>\n<meta property=\"og:url\" content=\"https:\/\/damasalemanas.de\/esp\/helfen\/\" \/>\n<meta property=\"og:site_name\" content=\"Damas Alemanas Ecuador\" \/>\n<meta property=\"article:modified_time\" content=\"2023-10-22T04:59:46+00:00\" \/>\n<meta property=\"og:image\" content=\"https:\/\/damasalemanas.de\/wp-content\/uploads\/2021\/01\/Spenden-und-Helfen-Anke-Naumann-beim-Kisten-packen-Titelbild.jpg\" \/>\n\t<meta property=\"og:image:width\" content=\"1280\" \/>\n\t<meta property=\"og:image:height\" content=\"720\" \/>\n\t<meta property=\"og:image:type\" content=\"image\/jpeg\" \/>\n<meta name=\"twitter:card\" content=\"summary_large_image\" \/>\n<script type=\"application\/ld+json\" class=\"yoast-schema-graph\">{\"@context\":\"https:\\\/\\\/schema.org\",\"@graph\":[{\"@type\":\"WebPage\",\"@id\":\"https:\\\/\\\/damasalemanas.de\\\/helfen\\\/\",\"url\":\"https:\\\/\\\/damasalemanas.de\\\/helfen\\\/\",\"name\":\"So helfen Sie in Ecuador \u2013 Mitglied bei den Damas werden oder spenden\",\"isPartOf\":{\"@id\":\"https:\\\/\\\/damasalemanas.de\\\/#website\"},\"primaryImageOfPage\":{\"@id\":\"https:\\\/\\\/damasalemanas.de\\\/helfen\\\/#primaryimage\"},\"image\":{\"@id\":\"https:\\\/\\\/damasalemanas.de\\\/helfen\\\/#primaryimage\"},\"thumbnailUrl\":\"https:\\\/\\\/damasalemanas.de\\\/wp-content\\\/uploads\\\/2021\\\/01\\\/Spenden-und-Helfen-Anke-Naumann-beim-Kisten-packen-Titelbild.jpg\",\"datePublished\":\"2020-10-24T04:08:00+00:00\",\"dateModified\":\"2023-10-22T04:59:46+00:00\",\"description\":\"Wenn Sie in Ecuador helfen m\u00f6chten, werden Sie Mitglied bei den Damas Alemanas oder spenden Sie f\u00fcr unsere Projekte.\",\"breadcrumb\":{\"@id\":\"https:\\\/\\\/damasalemanas.de\\\/helfen\\\/#breadcrumb\"},\"inLanguage\":\"es\",\"potentialAction\":[{\"@type\":\"ReadAction\",\"target\":[\"https:\\\/\\\/damasalemanas.de\\\/helfen\\\/\"]}]},{\"@type\":\"ImageObject\",\"inLanguage\":\"es\",\"@id\":\"https:\\\/\\\/damasalemanas.de\\\/helfen\\\/#primaryimage\",\"url\":\"https:\\\/\\\/damasalemanas.de\\\/wp-content\\\/uploads\\\/2021\\\/01\\\/Spenden-und-Helfen-Anke-Naumann-beim-Kisten-packen-Titelbild.jpg\",\"contentUrl\":\"https:\\\/\\\/damasalemanas.de\\\/wp-content\\\/uploads\\\/2021\\\/01\\\/Spenden-und-Helfen-Anke-Naumann-beim-Kisten-packen-Titelbild.jpg\",\"width\":1280,\"height\":720,\"caption\":\"Mit Spenden werden beispielsweise Lebensmittelkisten gepackt. Hier zu sehen ist Anke Naumann.\"},{\"@type\":\"BreadcrumbList\",\"@id\":\"https:\\\/\\\/damasalemanas.de\\\/helfen\\\/#breadcrumb\",\"itemListElement\":[{\"@type\":\"ListItem\",\"position\":1,\"name\":\"Startseite\",\"item\":\"https:\\\/\\\/damasalemanas.de\\\/\"},{\"@type\":\"ListItem\",\"position\":2,\"name\":\"Helfen\"}]},{\"@type\":\"WebSite\",\"@id\":\"https:\\\/\\\/damasalemanas.de\\\/#website\",\"url\":\"https:\\\/\\\/damasalemanas.de\\\/\",\"name\":\"Damas Alemanas Ecuador\",\"description\":\"\",\"publisher\":{\"@id\":\"https:\\\/\\\/damasalemanas.de\\\/#organization\"},\"potentialAction\":[{\"@type\":\"SearchAction\",\"target\":{\"@type\":\"EntryPoint\",\"urlTemplate\":\"https:\\\/\\\/damasalemanas.de\\\/?s={search_term_string}\"},\"query-input\":{\"@type\":\"PropertyValueSpecification\",\"valueRequired\":true,\"valueName\":\"search_term_string\"}}],\"inLanguage\":\"es\"},{\"@type\":\"Organization\",\"@id\":\"https:\\\/\\\/damasalemanas.de\\\/#organization\",\"name\":\"Damas Alemanas Ecuador\",\"url\":\"https:\\\/\\\/damasalemanas.de\\\/\",\"logo\":{\"@type\":\"ImageObject\",\"inLanguage\":\"es\",\"@id\":\"https:\\\/\\\/damasalemanas.de\\\/#\\\/schema\\\/logo\\\/image\\\/\",\"url\":\"https:\\\/\\\/damasalemanas.de\\\/wp-content\\\/uploads\\\/2020\\\/10\\\/cropped-Logo-Damas-Alemanas-1.png\",\"contentUrl\":\"https:\\\/\\\/damasalemanas.de\\\/wp-content\\\/uploads\\\/2020\\\/10\\\/cropped-Logo-Damas-Alemanas-1.png\",\"width\":487,\"height\":260,\"caption\":\"Damas Alemanas Ecuador\"},\"image\":{\"@id\":\"https:\\\/\\\/damasalemanas.de\\\/#\\\/schema\\\/logo\\\/image\\\/\"}}]}<\/script>\n<!-- \/ Yoast SEO plugin. -->","yoast_head_json":{"title":"So helfen Sie in Ecuador \u2013 Mitglied bei den Damas werden oder spenden","description":"Wenn Sie in Ecuador helfen m\u00f6chten, werden Sie Mitglied bei den Damas Alemanas oder spenden Sie f\u00fcr unsere Projekte.","robots":{"index":"index","follow":"follow","max-snippet":"max-snippet:-1","max-image-preview":"max-image-preview:large","max-video-preview":"max-video-preview:-1"},"canonical":"https:\/\/damasalemanas.de\/esp\/helfen\/","og_locale":"es_ES","og_type":"article","og_title":"So helfen Sie in Ecuador \u2013 Mitglied bei den Damas werden oder spenden","og_description":"Wenn Sie in Ecuador helfen m\u00f6chten, werden Sie Mitglied bei den Damas Alemanas oder spenden Sie f\u00fcr unsere Projekte.","og_url":"https:\/\/damasalemanas.de\/esp\/helfen\/","og_site_name":"Damas Alemanas Ecuador","article_modified_time":"2023-10-22T04:59:46+00:00","og_image":[{"width":1280,"height":720,"url":"https:\/\/damasalemanas.de\/wp-content\/uploads\/2021\/01\/Spenden-und-Helfen-Anke-Naumann-beim-Kisten-packen-Titelbild.jpg","type":"image\/jpeg"}],"twitter_card":"summary_large_image","schema":{"@context":"https:\/\/schema.org","@graph":[{"@type":"WebPage","@id":"https:\/\/damasalemanas.de\/helfen\/","url":"https:\/\/damasalemanas.de\/helfen\/","name":"So helfen Sie in Ecuador \u2013 Mitglied bei den Damas werden oder spenden","isPartOf":{"@id":"https:\/\/damasalemanas.de\/#website"},"primaryImageOfPage":{"@id":"https:\/\/damasalemanas.de\/helfen\/#primaryimage"},"image":{"@id":"https:\/\/damasalemanas.de\/helfen\/#primaryimage"},"thumbnailUrl":"https:\/\/damasalemanas.de\/wp-content\/uploads\/2021\/01\/Spenden-und-Helfen-Anke-Naumann-beim-Kisten-packen-Titelbild.jpg","datePublished":"2020-10-24T04:08:00+00:00","dateModified":"2023-10-22T04:59:46+00:00","description":"Wenn Sie in Ecuador helfen m\u00f6chten, werden Sie Mitglied bei den Damas Alemanas oder spenden Sie f\u00fcr unsere Projekte.","breadcrumb":{"@id":"https:\/\/damasalemanas.de\/helfen\/#breadcrumb"},"inLanguage":"es","potentialAction":[{"@type":"ReadAction","target":["https:\/\/damasalemanas.de\/helfen\/"]}]},{"@type":"ImageObject","inLanguage":"es","@id":"https:\/\/damasalemanas.de\/helfen\/#primaryimage","url":"https:\/\/damasalemanas.de\/wp-content\/uploads\/2021\/01\/Spenden-und-Helfen-Anke-Naumann-beim-Kisten-packen-Titelbild.jpg","contentUrl":"https:\/\/damasalemanas.de\/wp-content\/uploads\/2021\/01\/Spenden-und-Helfen-Anke-Naumann-beim-Kisten-packen-Titelbild.jpg","width":1280,"height":720,"caption":"Mit Spenden werden beispielsweise Lebensmittelkisten gepackt. Hier zu sehen ist Anke Naumann."},{"@type":"BreadcrumbList","@id":"https:\/\/damasalemanas.de\/helfen\/#breadcrumb","itemListElement":[{"@type":"ListItem","position":1,"name":"Startseite","item":"https:\/\/damasalemanas.de\/"},{"@type":"ListItem","position":2,"name":"Helfen"}]},{"@type":"WebSite","@id":"https:\/\/damasalemanas.de\/#website","url":"https:\/\/damasalemanas.de\/","name":"Damas Alemanas Ecuador","description":"","publisher":{"@id":"https:\/\/damasalemanas.de\/#organization"},"potentialAction":[{"@type":"SearchAction","target":{"@type":"EntryPoint","urlTemplate":"https:\/\/damasalemanas.de\/?s={search_term_string}"},"query-input":{"@type":"PropertyValueSpecification","valueRequired":true,"valueName":"search_term_string"}}],"inLanguage":"es"},{"@type":"Organization","@id":"https:\/\/damasalemanas.de\/#organization","name":"Damas Alemanas Ecuador","url":"https:\/\/damasalemanas.de\/","logo":{"@type":"ImageObject","inLanguage":"es","@id":"https:\/\/damasalemanas.de\/#\/schema\/logo\/image\/","url":"https:\/\/damasalemanas.de\/wp-content\/uploads\/2020\/10\/cropped-Logo-Damas-Alemanas-1.png","contentUrl":"https:\/\/damasalemanas.de\/wp-content\/uploads\/2020\/10\/cropped-Logo-Damas-Alemanas-1.png","width":487,"height":260,"caption":"Damas Alemanas Ecuador"},"image":{"@id":"https:\/\/damasalemanas.de\/#\/schema\/logo\/image\/"}}]}},"_links":{"self":[{"href":"https:\/\/damasalemanas.de\/esp\/wp-json\/wp\/v2\/pages\/123","targetHints":{"allow":["GET"]}}],"collection":[{"href":"https:\/\/damasalemanas.de\/esp\/wp-json\/wp\/v2\/pages"}],"about":[{"href":"https:\/\/damasalemanas.de\/esp\/wp-json\/wp\/v2\/types\/page"}],"author":[{"embeddable":true,"href":"https:\/\/damasalemanas.de\/esp\/wp-json\/wp\/v2\/users\/1"}],"replies":[{"embeddable":true,"href":"https:\/\/damasalemanas.de\/esp\/wp-json\/wp\/v2\/comments?post=123"}],"version-history":[{"count":13,"href":"https:\/\/damasalemanas.de\/esp\/wp-json\/wp\/v2\/pages\/123\/revisions"}],"predecessor-version":[{"id":871,"href":"https:\/\/damasalemanas.de\/esp\/wp-json\/wp\/v2\/pages\/123\/revisions\/871"}],"wp:featuredmedia":[{"embeddable":true,"href":"https:\/\/damasalemanas.de\/esp\/wp-json\/wp\/v2\/media\/469"}],"wp:attachment":[{"href":"https:\/\/damasalemanas.de\/esp\/wp-json\/wp\/v2\/media?parent=123"}],"curies":[{"name":"wp","href":"https:\/\/api.w.org\/{rel}","templated":true}]}}