{"id":11,"date":"2020-10-12T18:49:07","date_gmt":"2020-10-12T16:49:07","guid":{"rendered":"http:\/\/damas.biebeler.com\/?page_id=11"},"modified":"2025-12-13T12:46:32","modified_gmt":"2025-12-13T11:46:32","slug":"kontakt","status":"publish","type":"page","link":"https:\/\/damasalemanas.de\/esp\/kontakt\/","title":{"rendered":"Contacto"},"content":{"rendered":"<p>Nehmen Sie Kontakt mit uns auf. Wir melden uns so schnell wie m\u00f6glich. Alternativ zum Kontaktformular k\u00f6nnen Sie uns kontaktieren \u00fcber:<br><br><strong>Verein Deutschland:<\/strong><br>Damas Alemanas Ecuador Deutschland e.V.<br>damas-alemanas @ gmx.de<br>Telefon DE: +49 (0)9325 1023<br><br><strong>Verein Ecuador:<\/strong><br>Damas Alemanas Ecuador<br>damasalemanas @ yahoo.com<\/p>\n\n\n\n<p><strong>Immer auf dem Laufenden bleiben!<\/strong><\/p>\n\n\n\n<p>Folge uns auf <a href=\"https:\/\/www.instagram.com\/damasalemanas\/\"><strong>Instagram (Hier klicken)<\/strong><\/a> und <a href=\"https:\/\/www.facebook.com\/share\/1HAhFamNjS\/?mibextid=wwXIfr\"><strong>Facebook (Hier klicken)<\/strong><\/a>, um keine Neuigkeiten zu verpassen: Hier erf\u00e4hrst du alles \u00fcber unsere aktuellen Hilfsprojekte in Ecuador und unsere beliebten Kuchenverkaufsaktionen, mit denen wir unsere Projekte finanzieren. Scanne den QR-Code um direkt zu Instagram zu gelangen!<\/p>\n\n\n\n<figure class=\"wp-block-image size-medium is-style-default\"><img loading=\"lazy\" decoding=\"async\" width=\"300\" height=\"296\" src=\"https:\/\/damasalemanas.de\/wp-content\/uploads\/2025\/12\/qr-code-instagram-300x296.jpg\" alt=\"\" class=\"wp-image-935\" srcset=\"https:\/\/damasalemanas.de\/wp-content\/uploads\/2025\/12\/qr-code-instagram-300x296.jpg 300w, https:\/\/damasalemanas.de\/wp-content\/uploads\/2025\/12\/qr-code-instagram-1024x1009.jpg 1024w, https:\/\/damasalemanas.de\/wp-content\/uploads\/2025\/12\/qr-code-instagram-768x757.jpg 768w, https:\/\/damasalemanas.de\/wp-content\/uploads\/2025\/12\/qr-code-instagram-12x12.jpg 12w, https:\/\/damasalemanas.de\/wp-content\/uploads\/2025\/12\/qr-code-instagram.jpg 1043w\" sizes=\"auto, (max-width: 300px) 100vw, 300px\" \/><\/figure>\n\n\n\n\n<div class=\"wpcf7 no-js\" id=\"wpcf7-f232-o1\" lang=\"de-DE\" dir=\"ltr\" data-wpcf7-id=\"232\">\n<div class=\"screen-reader-response\"><p role=\"status\" aria-live=\"polite\" aria-atomic=\"true\"><\/p> <ul><\/ul><\/div>\n<form action=\"\/esp\/wp-json\/wp\/v2\/pages\/11#wpcf7-f232-o1\" method=\"post\" class=\"wpcf7-form init\" aria-label=\"Kontaktformular\" novalidate=\"novalidate\" data-status=\"init\" data-trp-original-action=\"\/esp\/wp-json\/wp\/v2\/pages\/11#wpcf7-f232-o1\">\n<fieldset class=\"hidden-fields-container\"><input type=\"hidden\" name=\"_wpcf7\" value=\"232\" \/><input type=\"hidden\" name=\"_wpcf7_version\" value=\"6.1.5\" \/><input type=\"hidden\" name=\"_wpcf7_locale\" value=\"de_DE\" \/><input type=\"hidden\" name=\"_wpcf7_unit_tag\" value=\"wpcf7-f232-o1\" \/><input type=\"hidden\" name=\"_wpcf7_container_post\" value=\"0\" \/><input type=\"hidden\" name=\"_wpcf7_posted_data_hash\" value=\"\" \/>\n<\/fieldset>\n<p><label> Ihr Name<br \/>\n<span class=\"wpcf7-form-control-wrap\" data-name=\"your-name\"><input size=\"40\" maxlength=\"400\" class=\"wpcf7-form-control wpcf7-text wpcf7-validates-as-required\" aria-required=\"true\" aria-invalid=\"false\" value=\"\" type=\"text\" name=\"your-name\" \/><\/span> <\/label>\n<\/p>\n<p><label> Ihre E-Mail-Adresse<br \/>\n<span class=\"wpcf7-form-control-wrap\" data-name=\"your-email\"><input size=\"40\" maxlength=\"400\" class=\"wpcf7-form-control wpcf7-email wpcf7-validates-as-required wpcf7-text wpcf7-validates-as-email\" aria-required=\"true\" aria-invalid=\"false\" value=\"\" type=\"email\" name=\"your-email\" \/><\/span> <\/label>\n<\/p>\n<p><label> Ihre Nachricht (optional)<br \/>\n<span class=\"wpcf7-form-control-wrap\" data-name=\"your-message\"><textarea cols=\"40\" rows=\"10\" maxlength=\"2000\" class=\"wpcf7-form-control wpcf7-textarea\" aria-invalid=\"false\" name=\"your-message\"><\/textarea><\/span> <\/label>\n<\/p>\n<p><span class=\"wpcf7-form-control-wrap kc_captcha\" data-name=\"kc_captcha\"><span class=\"wpcf7-form-control wpcf7-radio\"><span class=\"captcha-image\" ><span class=\"cf7ic_instructions\">Bitte beweise, dass du kein Spambot bist und w\u00e4hle das Symbol<span> Haus<\/span>.<\/span><label><input aria-label=\"1\" type=\"radio\" name=\"kc_captcha\" value=\"kc_human\" \/><svg aria-hidden=\"true\" role=\"img\" xmlns=\"http:\/\/www.w3.org\/2000\/svg\" viewbox=\"0 0 576 512\"><path fill=\"currentColor\" d=\"M488 313v143c0 13-11 24-24 24H348c-7 0-12-5-12-12V356c0-7-5-12-12-12h-72c-7 0-12 5-12 12v112c0 7-5 12-12 12H112c-13 0-24-11-24-24V313c0-4 2-7 4-10l188-154c5-4 11-4 16 0l188 154c2 3 4 6 4 10zm84-61l-84-69V44c0-6-5-12-12-12h-56c-7 0-12 6-12 12v73l-89-74a48 48 0 00-61 0L4 252c-5 4-5 12-1 17l25 31c5 5 12 5 17 1l235-193c5-4 11-4 16 0l235 193c5 5 13 4 17-1l25-31c4-6 4-13-1-17z\"\/><\/svg><\/label><label><input aria-label=\"2\" type=\"radio\" name=\"kc_captcha\" value=\"bot\" \/><svg aria-hidden=\"true\" role=\"img\" xmlns=\"http:\/\/www.w3.org\/2000\/svg\" viewbox=\"0 0 512 512\"><path fill=\"currentColor\" d=\"M500 168h-55l-8-21a127 127 0 00-120-83H195a127 127 0 00-120 83l-8 21H12c-8 0-14 8-11 16l8 24a12 12 0 0011 8h29a64 64 0 00-33 56v48c0 16 6 31 16 42v62c0 13 11 24 24 24h48c13 0 24-11 24-24v-40h256v40c0 13 11 24 24 24h48c13 0 24-11 24-24v-62c10-11 16-26 16-42v-48c0-24-13-45-33-56h29a12 12 0 0011-8l8-24c3-8-3-16-11-16zm-365 2c9-25 33-42 60-42h122c27 0 51 17 60 42l15 38H120l15-38zM88 328a32 32 0 010-64c18 0 48 30 48 48s-30 16-48 16zm336 0c-18 0-48 2-48-16s30-48 48-48 32 14 32 32-14 32-32 32z\"\/><\/svg><\/label><label><input aria-label=\"3\" type=\"radio\" name=\"kc_captcha\" value=\"bot\" \/><svg aria-hidden=\"true\" role=\"img\" xmlns=\"http:\/\/www.w3.org\/2000\/svg\" viewbox=\"0 0 384 512\"><path fill=\"currentColor\" d=\"M377 375l-83-87h34c21 0 32-25 17-40l-82-88h33c21 0 32-25 18-40L210 8c-10-11-26-11-36 0L70 120c-14 15-3 40 18 40h33l-82 88c-15 15-4 40 17 40h34L7 375c-15 16-4 41 17 41h120c0 33-11 49-34 68-12 9-5 28 10 28h144c15 0 22-19 10-28-20-16-34-32-34-68h120c21 0 32-25 17-41z\"\/><\/svg><\/label>\r\n    <\/span>\r\n    <span style=\"display:none\">\r\n        <input type=\"text\" name=\"kc_honeypot\">\r\n    <\/span><\/span><\/span>\n<\/p>\n<p><input class=\"wpcf7-form-control wpcf7-submit has-spinner\" type=\"submit\" value=\"Senden\" \/>\n<\/p><div class=\"wpcf7-response-output\" aria-hidden=\"true\"><\/div>\n<input type=\"hidden\" name=\"trp-form-language\" value=\"esp\"\/><\/form>\n<\/div>\n\n\n\n\n<p>Mit dem Absenden erlauben Sie uns im Rahmen der DSGVO Ihre Daten f\u00fcr die Beantwortung Ihrer Nachricht zu speichern. N\u00e4heres hierzu finden Sie in unserer <a href=\"https:\/\/damasalemanas.de\/esp\/datenschutzerklaerung\/\">Pol\u00edtica de privacidad<\/a>.<\/p>","protected":false},"excerpt":{"rendered":"<p>Nehmen Sie Kontakt mit uns auf. Wir melden uns so schnell wie m\u00f6glich. Alternativ zum Kontaktformular k\u00f6nnen Sie uns kontaktieren \u00fcber: Verein Deutschland:Damas Alemanas Ecuador Deutschland e.V.damas-alemanas @ gmx.deTelefon DE: +49 (0)9325 1023 Verein Ecuador:Damas Alemanas Ecuadordamasalemanas @ yahoo.com Immer auf dem Laufenden bleiben! Folge uns auf Instagram (Hier klicken) und Facebook (Hier klicken), um [&hellip;]<\/p>","protected":false},"author":1,"featured_media":334,"parent":0,"menu_order":0,"comment_status":"closed","ping_status":"closed","template":"","meta":{"footnotes":""},"class_list":["post-11","page","type-page","status-publish","has-post-thumbnail","hentry"],"yoast_head":"<!-- This site is optimized with the Yoast SEO plugin v27.5 - https:\/\/yoast.com\/product\/yoast-seo-wordpress\/ -->\n<title>Kontakt zu den Damas Alemanas Ecuador und Deutschland<\/title>\n<meta name=\"description\" content=\"Nehmen Sie \u00fcber diese Seite schnell und einfach Kontakt auf mit den Damas Alemanas Ecuador und Deutschland.\" \/>\n<meta name=\"robots\" content=\"index, follow, max-snippet:-1, max-image-preview:large, max-video-preview:-1\" \/>\n<link rel=\"canonical\" href=\"https:\/\/damasalemanas.de\/esp\/kontakt\/\" \/>\n<meta property=\"og:locale\" content=\"es_ES\" \/>\n<meta property=\"og:type\" content=\"article\" \/>\n<meta property=\"og:title\" content=\"Kontakt zu den Damas Alemanas Ecuador und Deutschland\" \/>\n<meta property=\"og:description\" content=\"Nehmen Sie \u00fcber diese Seite schnell und einfach Kontakt auf mit den Damas Alemanas Ecuador und Deutschland.\" \/>\n<meta property=\"og:url\" content=\"https:\/\/damasalemanas.de\/esp\/kontakt\/\" \/>\n<meta property=\"og:site_name\" content=\"Damas Alemanas Ecuador\" \/>\n<meta property=\"article:modified_time\" content=\"2025-12-13T11:46:32+00:00\" \/>\n<meta property=\"og:image\" content=\"https:\/\/damasalemanas.de\/wp-content\/uploads\/2020\/11\/Kontakt-zu-den-Damas-Alemanas-Titelbild.jpg\" \/>\n\t<meta property=\"og:image:width\" content=\"1280\" \/>\n\t<meta property=\"og:image:height\" content=\"720\" \/>\n\t<meta property=\"og:image:type\" content=\"image\/jpeg\" \/>\n<meta name=\"twitter:card\" content=\"summary_large_image\" \/>\n<script type=\"application\/ld+json\" class=\"yoast-schema-graph\">{\"@context\":\"https:\\\/\\\/schema.org\",\"@graph\":[{\"@type\":\"WebPage\",\"@id\":\"https:\\\/\\\/damasalemanas.de\\\/kontakt\\\/\",\"url\":\"https:\\\/\\\/damasalemanas.de\\\/kontakt\\\/\",\"name\":\"Kontakt zu den Damas Alemanas Ecuador und Deutschland\",\"isPartOf\":{\"@id\":\"https:\\\/\\\/damasalemanas.de\\\/#website\"},\"primaryImageOfPage\":{\"@id\":\"https:\\\/\\\/damasalemanas.de\\\/kontakt\\\/#primaryimage\"},\"image\":{\"@id\":\"https:\\\/\\\/damasalemanas.de\\\/kontakt\\\/#primaryimage\"},\"thumbnailUrl\":\"https:\\\/\\\/damasalemanas.de\\\/wp-content\\\/uploads\\\/2020\\\/11\\\/Kontakt-zu-den-Damas-Alemanas-Titelbild.jpg\",\"datePublished\":\"2020-10-12T16:49:07+00:00\",\"dateModified\":\"2025-12-13T11:46:32+00:00\",\"description\":\"Nehmen Sie \u00fcber diese Seite schnell und einfach Kontakt auf mit den Damas Alemanas Ecuador und Deutschland.\",\"breadcrumb\":{\"@id\":\"https:\\\/\\\/damasalemanas.de\\\/kontakt\\\/#breadcrumb\"},\"inLanguage\":\"es\",\"potentialAction\":[{\"@type\":\"ReadAction\",\"target\":[\"https:\\\/\\\/damasalemanas.de\\\/kontakt\\\/\"]}]},{\"@type\":\"ImageObject\",\"inLanguage\":\"es\",\"@id\":\"https:\\\/\\\/damasalemanas.de\\\/kontakt\\\/#primaryimage\",\"url\":\"https:\\\/\\\/damasalemanas.de\\\/wp-content\\\/uploads\\\/2020\\\/11\\\/Kontakt-zu-den-Damas-Alemanas-Titelbild.jpg\",\"contentUrl\":\"https:\\\/\\\/damasalemanas.de\\\/wp-content\\\/uploads\\\/2020\\\/11\\\/Kontakt-zu-den-Damas-Alemanas-Titelbild.jpg\",\"width\":1280,\"height\":720,\"caption\":\"Einer von vielen F\u00e4llen, in denen die Damas helfen. Hier in einem Dorf nahe Quito. Foto \u00a9 Lucia Bayas\"},{\"@type\":\"BreadcrumbList\",\"@id\":\"https:\\\/\\\/damasalemanas.de\\\/kontakt\\\/#breadcrumb\",\"itemListElement\":[{\"@type\":\"ListItem\",\"position\":1,\"name\":\"Startseite\",\"item\":\"https:\\\/\\\/damasalemanas.de\\\/\"},{\"@type\":\"ListItem\",\"position\":2,\"name\":\"Kontakt\"}]},{\"@type\":\"WebSite\",\"@id\":\"https:\\\/\\\/damasalemanas.de\\\/#website\",\"url\":\"https:\\\/\\\/damasalemanas.de\\\/\",\"name\":\"Damas Alemanas Ecuador\",\"description\":\"\",\"publisher\":{\"@id\":\"https:\\\/\\\/damasalemanas.de\\\/#organization\"},\"potentialAction\":[{\"@type\":\"SearchAction\",\"target\":{\"@type\":\"EntryPoint\",\"urlTemplate\":\"https:\\\/\\\/damasalemanas.de\\\/?s={search_term_string}\"},\"query-input\":{\"@type\":\"PropertyValueSpecification\",\"valueRequired\":true,\"valueName\":\"search_term_string\"}}],\"inLanguage\":\"es\"},{\"@type\":\"Organization\",\"@id\":\"https:\\\/\\\/damasalemanas.de\\\/#organization\",\"name\":\"Damas Alemanas Ecuador\",\"url\":\"https:\\\/\\\/damasalemanas.de\\\/\",\"logo\":{\"@type\":\"ImageObject\",\"inLanguage\":\"es\",\"@id\":\"https:\\\/\\\/damasalemanas.de\\\/#\\\/schema\\\/logo\\\/image\\\/\",\"url\":\"https:\\\/\\\/damasalemanas.de\\\/wp-content\\\/uploads\\\/2020\\\/10\\\/cropped-Logo-Damas-Alemanas-1.png\",\"contentUrl\":\"https:\\\/\\\/damasalemanas.de\\\/wp-content\\\/uploads\\\/2020\\\/10\\\/cropped-Logo-Damas-Alemanas-1.png\",\"width\":487,\"height\":260,\"caption\":\"Damas Alemanas Ecuador\"},\"image\":{\"@id\":\"https:\\\/\\\/damasalemanas.de\\\/#\\\/schema\\\/logo\\\/image\\\/\"}}]}<\/script>\n<!-- \/ Yoast SEO plugin. -->","yoast_head_json":{"title":"Kontakt zu den Damas Alemanas Ecuador und Deutschland","description":"Nehmen Sie \u00fcber diese Seite schnell und einfach Kontakt auf mit den Damas Alemanas Ecuador und Deutschland.","robots":{"index":"index","follow":"follow","max-snippet":"max-snippet:-1","max-image-preview":"max-image-preview:large","max-video-preview":"max-video-preview:-1"},"canonical":"https:\/\/damasalemanas.de\/esp\/kontakt\/","og_locale":"es_ES","og_type":"article","og_title":"Kontakt zu den Damas Alemanas Ecuador und Deutschland","og_description":"Nehmen Sie \u00fcber diese Seite schnell und einfach Kontakt auf mit den Damas Alemanas Ecuador und Deutschland.","og_url":"https:\/\/damasalemanas.de\/esp\/kontakt\/","og_site_name":"Damas Alemanas Ecuador","article_modified_time":"2025-12-13T11:46:32+00:00","og_image":[{"width":1280,"height":720,"url":"https:\/\/damasalemanas.de\/wp-content\/uploads\/2020\/11\/Kontakt-zu-den-Damas-Alemanas-Titelbild.jpg","type":"image\/jpeg"}],"twitter_card":"summary_large_image","schema":{"@context":"https:\/\/schema.org","@graph":[{"@type":"WebPage","@id":"https:\/\/damasalemanas.de\/kontakt\/","url":"https:\/\/damasalemanas.de\/kontakt\/","name":"Kontakt zu den Damas Alemanas Ecuador und Deutschland","isPartOf":{"@id":"https:\/\/damasalemanas.de\/#website"},"primaryImageOfPage":{"@id":"https:\/\/damasalemanas.de\/kontakt\/#primaryimage"},"image":{"@id":"https:\/\/damasalemanas.de\/kontakt\/#primaryimage"},"thumbnailUrl":"https:\/\/damasalemanas.de\/wp-content\/uploads\/2020\/11\/Kontakt-zu-den-Damas-Alemanas-Titelbild.jpg","datePublished":"2020-10-12T16:49:07+00:00","dateModified":"2025-12-13T11:46:32+00:00","description":"Nehmen Sie \u00fcber diese Seite schnell und einfach Kontakt auf mit den Damas Alemanas Ecuador und Deutschland.","breadcrumb":{"@id":"https:\/\/damasalemanas.de\/kontakt\/#breadcrumb"},"inLanguage":"es","potentialAction":[{"@type":"ReadAction","target":["https:\/\/damasalemanas.de\/kontakt\/"]}]},{"@type":"ImageObject","inLanguage":"es","@id":"https:\/\/damasalemanas.de\/kontakt\/#primaryimage","url":"https:\/\/damasalemanas.de\/wp-content\/uploads\/2020\/11\/Kontakt-zu-den-Damas-Alemanas-Titelbild.jpg","contentUrl":"https:\/\/damasalemanas.de\/wp-content\/uploads\/2020\/11\/Kontakt-zu-den-Damas-Alemanas-Titelbild.jpg","width":1280,"height":720,"caption":"Einer von vielen F\u00e4llen, in denen die Damas helfen. Hier in einem Dorf nahe Quito. Foto \u00a9 Lucia Bayas"},{"@type":"BreadcrumbList","@id":"https:\/\/damasalemanas.de\/kontakt\/#breadcrumb","itemListElement":[{"@type":"ListItem","position":1,"name":"Startseite","item":"https:\/\/damasalemanas.de\/"},{"@type":"ListItem","position":2,"name":"Kontakt"}]},{"@type":"WebSite","@id":"https:\/\/damasalemanas.de\/#website","url":"https:\/\/damasalemanas.de\/","name":"Damas Alemanas Ecuador","description":"","publisher":{"@id":"https:\/\/damasalemanas.de\/#organization"},"potentialAction":[{"@type":"SearchAction","target":{"@type":"EntryPoint","urlTemplate":"https:\/\/damasalemanas.de\/?s={search_term_string}"},"query-input":{"@type":"PropertyValueSpecification","valueRequired":true,"valueName":"search_term_string"}}],"inLanguage":"es"},{"@type":"Organization","@id":"https:\/\/damasalemanas.de\/#organization","name":"Damas Alemanas Ecuador","url":"https:\/\/damasalemanas.de\/","logo":{"@type":"ImageObject","inLanguage":"es","@id":"https:\/\/damasalemanas.de\/#\/schema\/logo\/image\/","url":"https:\/\/damasalemanas.de\/wp-content\/uploads\/2020\/10\/cropped-Logo-Damas-Alemanas-1.png","contentUrl":"https:\/\/damasalemanas.de\/wp-content\/uploads\/2020\/10\/cropped-Logo-Damas-Alemanas-1.png","width":487,"height":260,"caption":"Damas Alemanas Ecuador"},"image":{"@id":"https:\/\/damasalemanas.de\/#\/schema\/logo\/image\/"}}]}},"_links":{"self":[{"href":"https:\/\/damasalemanas.de\/esp\/wp-json\/wp\/v2\/pages\/11","targetHints":{"allow":["GET"]}}],"collection":[{"href":"https:\/\/damasalemanas.de\/esp\/wp-json\/wp\/v2\/pages"}],"about":[{"href":"https:\/\/damasalemanas.de\/esp\/wp-json\/wp\/v2\/types\/page"}],"author":[{"embeddable":true,"href":"https:\/\/damasalemanas.de\/esp\/wp-json\/wp\/v2\/users\/1"}],"replies":[{"embeddable":true,"href":"https:\/\/damasalemanas.de\/esp\/wp-json\/wp\/v2\/comments?post=11"}],"version-history":[{"count":13,"href":"https:\/\/damasalemanas.de\/esp\/wp-json\/wp\/v2\/pages\/11\/revisions"}],"predecessor-version":[{"id":938,"href":"https:\/\/damasalemanas.de\/esp\/wp-json\/wp\/v2\/pages\/11\/revisions\/938"}],"wp:featuredmedia":[{"embeddable":true,"href":"https:\/\/damasalemanas.de\/esp\/wp-json\/wp\/v2\/media\/334"}],"wp:attachment":[{"href":"https:\/\/damasalemanas.de\/esp\/wp-json\/wp\/v2\/media?parent=11"}],"curies":[{"name":"wp","href":"https:\/\/api.w.org\/{rel}","templated":true}]}}